{"id":1640,"date":"2023-10-23T09:40:05","date_gmt":"2023-10-23T07:40:05","guid":{"rendered":"https:\/\/www.manoir-saint-thomas.com\/?page_id=1640"},"modified":"2023-11-08T15:59:05","modified_gmt":"2023-11-08T14:59:05","slug":"garden-parks","status":"publish","type":"page","link":"https:\/\/www.manoir-saint-thomas.com\/eng\/tourisme-val-de-loire-tourisme\/les-parcs-jardin\/","title":{"rendered":"Parks &amp; Gardens"},"content":{"rendered":"\t\t<div data-elementor-type=\"wp-page\" data-elementor-id=\"1640\" class=\"elementor elementor-1640\" data-elementor-post-type=\"page\">\n\t\t\t\t<div class=\"elementor-element elementor-element-2f5e5039 e-con-full e-flex e-con e-parent\" data-id=\"2f5e5039\" data-element_type=\"container\" data-e-type=\"container\" data-settings=\"{&quot;background_background&quot;:&quot;classic&quot;}\">\n\t\t\t\t<div class=\"elementor-element elementor-element-bf20926 elementor-widget elementor-widget-heading\" data-id=\"bf20926\" data-element_type=\"widget\" data-e-type=\"widget\" data-widget_type=\"heading.default\">\n\t\t\t\t<div class=\"elementor-widget-container\">\n\t\t\t\t\t<h1 class=\"elementor-heading-title elementor-size-default\">Les Parcs <br>&amp; Jardins<\/h1>\t\t\t\t<\/div>\n\t\t\t\t<\/div>\n\t\t\t\t<div class=\"elementor-element elementor-element-1508ca8b elementor-hidden-tablet elementor-hidden-mobile elementor-widget elementor-widget-image\" data-id=\"1508ca8b\" data-element_type=\"widget\" data-e-type=\"widget\" data-widget_type=\"image.default\">\n\t\t\t\t<div class=\"elementor-widget-container\">\n\t\t\t\t\t\t\t\t\t\t\t\t\t\t\t\t<a href=\"#parcs_jardins-top\">\n\t\t\t\t\t\t\t<img decoding=\"async\" width=\"38\" height=\"38\" src=\"https:\/\/www.manoir-saint-thomas.com\/wp-content\/uploads\/2023\/10\/Fleche-down.svg\" class=\"attachment-full size-full wp-image-1863\" alt=\"\" title=\"\">\t\t\t\t\t\t\t\t<\/a>\n\t\t\t\t\t\t\t\t\t\t\t\t\t\t\t<\/div>\n\t\t\t\t<\/div>\n\t\t\t\t<\/div>\n\t\t<div class=\"elementor-element elementor-element-28649b4 e-flex e-con-boxed e-con e-parent\" data-id=\"28649b4\" data-element_type=\"container\" data-e-type=\"container\">\n\t\t\t\t\t<div class=\"e-con-inner\">\n\t\t\t\t<div class=\"elementor-element elementor-element-befc9b9 elementor-widget elementor-widget-menu-anchor\" data-id=\"befc9b9\" data-element_type=\"widget\" data-e-type=\"widget\" data-widget_type=\"menu-anchor.default\">\n\t\t\t\t<div class=\"elementor-widget-container\">\n\t\t\t\t\t\t\t<div class=\"elementor-menu-anchor\" id=\"parcs_jardins-top\"><\/div>\n\t\t\t\t\t\t<\/div>\n\t\t\t\t<\/div>\n\t\t\t\t\t<\/div>\n\t\t\t\t<\/div>\n\t\t<div class=\"elementor-element elementor-element-328a1841 hidden-bloc e-flex e-con-boxed e-con e-parent\" data-id=\"328a1841\" data-element_type=\"container\" data-e-type=\"container\" data-settings=\"{&quot;background_background&quot;:&quot;classic&quot;}\">\n\t\t\t\t\t<div class=\"e-con-inner\">\n\t\t\t\t<div class=\"elementor-element elementor-element-496e9940 e-transform elementor-widget elementor-widget-image\" data-id=\"496e9940\" data-element_type=\"widget\" data-e-type=\"widget\" data-settings=\"{&quot;_transform_translateX_effect&quot;:{&quot;unit&quot;:&quot;%&quot;,&quot;size&quot;:&quot;&quot;,&quot;sizes&quot;:[]},&quot;_transform_translateX_effect_tablet&quot;:{&quot;unit&quot;:&quot;%&quot;,&quot;size&quot;:&quot;&quot;,&quot;sizes&quot;:[]},&quot;_transform_translateX_effect_mobile&quot;:{&quot;unit&quot;:&quot;%&quot;,&quot;size&quot;:&quot;&quot;,&quot;sizes&quot;:[]},&quot;_transform_translateY_effect&quot;:{&quot;unit&quot;:&quot;%&quot;,&quot;size&quot;:-50,&quot;sizes&quot;:[]},&quot;_transform_translateY_effect_tablet&quot;:{&quot;unit&quot;:&quot;%&quot;,&quot;size&quot;:&quot;&quot;,&quot;sizes&quot;:[]},&quot;_transform_translateY_effect_mobile&quot;:{&quot;unit&quot;:&quot;%&quot;,&quot;size&quot;:&quot;&quot;,&quot;sizes&quot;:[]}}\" data-widget_type=\"image.default\">\n\t\t\t\t<div class=\"elementor-widget-container\">\n\t\t\t\t\t\t\t\t\t\t\t\t\t\t\t<img decoding=\"async\" width=\"222\" height=\"222\" src=\"https:\/\/www.manoir-saint-thomas.com\/wp-content\/uploads\/2023\/09\/Groupe-572.svg\" class=\"attachment-full size-full wp-image-181\" alt=\"\" title=\"\">\t\t\t\t\t\t\t\t\t\t\t\t\t\t\t<\/div>\n\t\t\t\t<\/div>\n\t\t<div class=\"elementor-element elementor-element-a4dcf6b e-con-full tourisme2_parent-content e-flex e-con e-child\" data-id=\"a4dcf6b\" data-element_type=\"container\" data-e-type=\"container\">\n\t\t<div class=\"elementor-element elementor-element-3b214213 e-con-full bloc-img e-flex e-con e-child\" data-id=\"3b214213\" data-element_type=\"container\" data-e-type=\"container\" data-settings=\"{&quot;background_background&quot;:&quot;classic&quot;}\">\n\t\t<div class=\"elementor-element elementor-element-2e115021 e-con-full border-bloc e-flex e-con e-child\" data-id=\"2e115021\" data-element_type=\"container\" data-e-type=\"container\">\n\t\t\t\t<\/div>\n\t\t\t\t<\/div>\n\t\t<div class=\"elementor-element elementor-element-1ce3e34c e-con-full bloc-content e-flex e-con e-child\" data-id=\"1ce3e34c\" data-element_type=\"container\" data-e-type=\"container\" data-settings=\"{&quot;background_background&quot;:&quot;classic&quot;}\">\n\t\t\t\t<div class=\"elementor-element elementor-element-75985499 elementor-widget__width-inherit elementor-widget elementor-widget-heading\" data-id=\"75985499\" data-element_type=\"widget\" data-e-type=\"widget\" data-widget_type=\"heading.default\">\n\t\t\t\t<div class=\"elementor-widget-container\">\n\t\t\t\t\t<h2 class=\"elementor-heading-title elementor-size-default\">Visiter Amboise et ses alentours<\/h2>\t\t\t\t<\/div>\n\t\t\t\t<\/div>\n\t\t\t\t<div class=\"elementor-element elementor-element-1fdae70a elementor-widget__width-initial elementor-widget-divider--view-line elementor-widget elementor-widget-divider\" data-id=\"1fdae70a\" data-element_type=\"widget\" data-e-type=\"widget\" data-widget_type=\"divider.default\">\n\t\t\t\t<div class=\"elementor-widget-container\">\n\t\t\t\t\t\t\t<div class=\"elementor-divider\">\n\t\t\t<span class=\"elementor-divider-separator\">\n\t\t\t\t\t\t<\/span>\n\t\t<\/div>\n\t\t\t\t\t\t<\/div>\n\t\t\t\t<\/div>\n\t\t\t\t<div class=\"elementor-element elementor-element-3dd740d elementor-widget__width-initial elementor-widget elementor-widget-text-editor\" data-id=\"3dd740d\" data-element_type=\"widget\" data-e-type=\"widget\" data-widget_type=\"text-editor.default\">\n\t\t\t\t<div class=\"elementor-widget-container\">\n\t\t\t\t\t\t\t\t\t<p>On dit de la Touraine que c\u2019est \u00ab le Jardin de la France \u00bb, et notre h\u00f4tel vous ouvre de superbes horizons sur ce jardin, \u00e0 la fois historiques, culturels et romantiques. Au c\u0153ur du Val de Loire, de nombreux parcs et jardins offrent des parenth\u00e8ses f\u00e9\u00e9riques, gourmandes, \u00e9tonnantes et vivifiantes ! La d\u00e9couverte de ses jardins est un bon moyen de visiter Amboise et ses alentours.<\/p><p>\u00a0<\/p><p>Sur place \u00e0 Amboise, vous pourrez fl\u00e2ner dans les Jardins du Ch\u00e2teau Royal qui offrent une vue imprenable sur la vall\u00e9e de la Loire, dans le parc paysager du Ch\u00e2teau du Clos Luc\u00e9 qui vous invite \u00e0 un v\u00e9ritable voyage initiatique sur les traces du g\u00e9nie L\u00e9onard de Vinci et sur le site de la Pagode de Chanteloup qui vous permet du haut de ses 44 m d\u2019admirer la vaste for\u00eat d\u2019Amboise.<\/p>\t\t\t\t\t\t\t\t<\/div>\n\t\t\t\t<\/div>\n\t\t\t\t<\/div>\n\t\t\t\t<\/div>\n\t\t<div class=\"elementor-element elementor-element-5e66f70 e-con-full tourisme2_parent-content e-flex e-con e-child\" data-id=\"5e66f70\" data-element_type=\"container\" data-e-type=\"container\">\n\t\t<div class=\"elementor-element elementor-element-365f0b68 e-con-full bloc-img2 e-flex e-con e-child\" data-id=\"365f0b68\" data-element_type=\"container\" data-e-type=\"container\" data-settings=\"{&quot;background_background&quot;:&quot;classic&quot;}\">\n\t\t<div class=\"elementor-element elementor-element-6190be07 e-con-full border-bloc e-flex e-con e-child\" data-id=\"6190be07\" data-element_type=\"container\" data-e-type=\"container\">\n\t\t\t\t<\/div>\n\t\t\t\t<\/div>\n\t\t<div class=\"elementor-element elementor-element-332c5b62 e-con-full e-flex e-con e-child\" data-id=\"332c5b62\" data-element_type=\"container\" data-e-type=\"container\" data-settings=\"{&quot;background_background&quot;:&quot;classic&quot;}\">\n\t\t\t\t<div class=\"elementor-element elementor-element-6a499f5a elementor-widget__width-initial elementor-widget elementor-widget-heading\" data-id=\"6a499f5a\" data-element_type=\"widget\" data-e-type=\"widget\" data-widget_type=\"heading.default\">\n\t\t\t\t<div class=\"elementor-widget-container\">\n\t\t\t\t\t<h2 class=\"elementor-heading-title elementor-size-default\">Villandry<\/h2>\t\t\t\t<\/div>\n\t\t\t\t<\/div>\n\t\t\t\t<div class=\"elementor-element elementor-element-5f6db8cd elementor-widget__width-initial elementor-widget-divider--view-line elementor-widget elementor-widget-divider\" data-id=\"5f6db8cd\" data-element_type=\"widget\" data-e-type=\"widget\" data-widget_type=\"divider.default\">\n\t\t\t\t<div class=\"elementor-widget-container\">\n\t\t\t\t\t\t\t<div class=\"elementor-divider\">\n\t\t\t<span class=\"elementor-divider-separator\">\n\t\t\t\t\t\t<\/span>\n\t\t<\/div>\n\t\t\t\t\t\t<\/div>\n\t\t\t\t<\/div>\n\t\t\t\t<div class=\"elementor-element elementor-element-3e328f0f elementor-widget__width-initial elementor-widget elementor-widget-text-editor\" data-id=\"3e328f0f\" data-element_type=\"widget\" data-e-type=\"widget\" data-widget_type=\"text-editor.default\">\n\t\t\t\t<div class=\"elementor-widget-container\">\n\t\t\t\t\t\t\t\t\t<p>Les Jardins de Villandry restituent somptueusement l\u2019esprit et la lettre de l\u2019ordonnance architecturale adopt\u00e9e \u00e0 la renaissance sous l\u2019influence des jardiniers italiens ramen\u00e9s en France par Charles VIII.<\/p><p>\u00a0<\/p><p>Vous pourrez d\u00e9couvrir trois terrasses superpos\u00e9es : la plus \u00e9lev\u00e9e le Jardin d\u2019eau, au-dessous le Jardin d\u00e9coratif form\u00e9 de deux salons de buis remplis de fleurs et au niveau inf\u00e9rieur le Jardin potager, la section la plus originale du domaine formant un v\u00e9ritable damier de couleurs, et le Jardin des Simples (jardin traditionnel du Moyen-\u00c2ge).<\/p>\t\t\t\t\t\t\t\t<\/div>\n\t\t\t\t<\/div>\n\t\t\t\t<\/div>\n\t\t\t\t<\/div>\n\t\t<div class=\"elementor-element elementor-element-42940ce e-con-full tourisme2_parent-content e-flex e-con e-child\" data-id=\"42940ce\" data-element_type=\"container\" data-e-type=\"container\">\n\t\t<div class=\"elementor-element elementor-element-5adfabc0 e-con-full bloc-img2 e-flex e-con e-child\" data-id=\"5adfabc0\" data-element_type=\"container\" data-e-type=\"container\" data-settings=\"{&quot;background_background&quot;:&quot;classic&quot;}\">\n\t\t<div class=\"elementor-element elementor-element-7b8f93d9 e-con-full border-bloc e-flex e-con e-child\" data-id=\"7b8f93d9\" data-element_type=\"container\" data-e-type=\"container\">\n\t\t\t\t<\/div>\n\t\t\t\t<\/div>\n\t\t<div class=\"elementor-element elementor-element-39d5f64f e-con-full e-flex e-con e-child\" data-id=\"39d5f64f\" data-element_type=\"container\" data-e-type=\"container\" data-settings=\"{&quot;background_background&quot;:&quot;classic&quot;}\">\n\t\t\t\t<div class=\"elementor-element elementor-element-28f1a135 elementor-widget__width-initial elementor-widget elementor-widget-heading\" data-id=\"28f1a135\" data-element_type=\"widget\" data-e-type=\"widget\" data-widget_type=\"heading.default\">\n\t\t\t\t<div class=\"elementor-widget-container\">\n\t\t\t\t\t<h2 class=\"elementor-heading-title elementor-size-default\">Rivau<\/h2>\t\t\t\t<\/div>\n\t\t\t\t<\/div>\n\t\t\t\t<div class=\"elementor-element elementor-element-55c23e03 elementor-widget__width-initial elementor-widget-divider--view-line elementor-widget elementor-widget-divider\" data-id=\"55c23e03\" data-element_type=\"widget\" data-e-type=\"widget\" data-widget_type=\"divider.default\">\n\t\t\t\t<div class=\"elementor-widget-container\">\n\t\t\t\t\t\t\t<div class=\"elementor-divider\">\n\t\t\t<span class=\"elementor-divider-separator\">\n\t\t\t\t\t\t<\/span>\n\t\t<\/div>\n\t\t\t\t\t\t<\/div>\n\t\t\t\t<\/div>\n\t\t\t\t<div class=\"elementor-element elementor-element-7ccf8b3e elementor-widget__width-initial elementor-widget elementor-widget-text-editor\" data-id=\"7ccf8b3e\" data-element_type=\"widget\" data-e-type=\"widget\" data-widget_type=\"text-editor.default\">\n\t\t\t\t<div class=\"elementor-widget-container\">\n\t\t\t\t\t\t\t\t\t<p>Jouxtant le ch\u00e2teau du Rivau, authentique forteresse m\u00e9di\u00e9vale, les 14 jardins de conte de f\u00e9es vous font voyager \u00e0 travers des histoires l\u00e9gendaires et f\u00e9\u00e9riques comme \u00ab Le jardin du Petit Poucet \u00bb, \u00ab L\u2019All\u00e9e des F\u00e9es \u00bb, \u00ab le Labyrinthe d\u2019Alice \u00bb et bien d\u2019autres. Chaque jardin est inspir\u00e9 d\u2019une histoire merveilleuse qui invite petits et grands \u00e0 r\u00eaver.<\/p><p>\u00a0<\/p><p>Les Jardins du Rivau, class\u00e9s \u00ab Jardin Remarquable \u00bb par le Minist\u00e8re de la Culture et \u00ab Conservatoire de la Rose Parfum\u00e9e \u00bb, se situent \u00e0 L\u00e9m\u00e9r\u00e9, \u00e0 10 km de Chinon entre Tours et Poitiers.<\/p>\t\t\t\t\t\t\t\t<\/div>\n\t\t\t\t<\/div>\n\t\t\t\t<\/div>\n\t\t\t\t<\/div>\n\t\t<div class=\"elementor-element elementor-element-273059a e-con-full tourisme2_parent-content e-flex e-con e-child\" data-id=\"273059a\" data-element_type=\"container\" data-e-type=\"container\">\n\t\t<div class=\"elementor-element elementor-element-00ccff9 e-con-full bloc-img2 e-flex e-con e-child\" data-id=\"00ccff9\" data-element_type=\"container\" data-e-type=\"container\" data-settings=\"{&quot;background_background&quot;:&quot;classic&quot;}\">\n\t\t<div class=\"elementor-element elementor-element-ca72b9d e-con-full border-bloc e-flex e-con e-child\" data-id=\"ca72b9d\" data-element_type=\"container\" data-e-type=\"container\">\n\t\t\t\t<\/div>\n\t\t\t\t<\/div>\n\t\t<div class=\"elementor-element elementor-element-33477df e-con-full e-flex e-con e-child\" data-id=\"33477df\" data-element_type=\"container\" data-e-type=\"container\" data-settings=\"{&quot;background_background&quot;:&quot;classic&quot;}\">\n\t\t\t\t<div class=\"elementor-element elementor-element-c5fb6a7 elementor-widget__width-initial elementor-widget elementor-widget-heading\" data-id=\"c5fb6a7\" data-element_type=\"widget\" data-e-type=\"widget\" data-widget_type=\"heading.default\">\n\t\t\t\t<div class=\"elementor-widget-container\">\n\t\t\t\t\t<h2 class=\"elementor-heading-title elementor-size-default\">Chaumont-sur-Loire<\/h2>\t\t\t\t<\/div>\n\t\t\t\t<\/div>\n\t\t\t\t<div class=\"elementor-element elementor-element-8958b4f elementor-widget__width-initial elementor-widget-divider--view-line elementor-widget elementor-widget-divider\" data-id=\"8958b4f\" data-element_type=\"widget\" data-e-type=\"widget\" data-widget_type=\"divider.default\">\n\t\t\t\t<div class=\"elementor-widget-container\">\n\t\t\t\t\t\t\t<div class=\"elementor-divider\">\n\t\t\t<span class=\"elementor-divider-separator\">\n\t\t\t\t\t\t<\/span>\n\t\t<\/div>\n\t\t\t\t\t\t<\/div>\n\t\t\t\t<\/div>\n\t\t\t\t<div class=\"elementor-element elementor-element-a8a059c elementor-widget__width-initial elementor-widget elementor-widget-text-editor\" data-id=\"a8a059c\" data-element_type=\"widget\" data-e-type=\"widget\" data-widget_type=\"text-editor.default\">\n\t\t\t\t<div class=\"elementor-widget-container\">\n\t\t\t\t\t\t\t\t\t<p>\u00c0 du 18 km du Manoir Saint Thomas se trouvent des jardins extraordinaires, sources d\u2019inspiration et de magie ! Au c\u0153ur du domaine de Chaumont-sur-Loire, o\u00f9 le ch\u00e2teau puissant et trapu veille sur la vall\u00e9e, vous pourrez visiter le parc, ses installations et ses expositions tout au long de l\u2019ann\u00e9e.<\/p><p>\u00a0<\/p><p>Le Festival international des Jardins, cr\u00e9\u00e9 \u00e0 Chaumont-sur-Loire en 1992, met \u00e0 l\u2019honneur de multiples jardins autour d\u2019un th\u00e8me unique renouvel\u00e9 tous les ans. C\u2019est un v\u00e9ritable laboratoire de la cr\u00e9ation contemporaine et de la cr\u00e9ation paysag\u00e8re dans le monde.<\/p>\t\t\t\t\t\t\t\t<\/div>\n\t\t\t\t<\/div>\n\t\t\t\t<\/div>\n\t\t\t\t<\/div>\n\t\t\t\t\t<\/div>\n\t\t\t\t<\/div>\n\t\t<div class=\"elementor-element elementor-element-5c2aa3da e-con-full e-flex e-con e-parent\" data-id=\"5c2aa3da\" data-element_type=\"container\" data-e-type=\"container\" data-settings=\"{&quot;sticky&quot;:&quot;bottom&quot;,&quot;sticky_on&quot;:[&quot;desktop&quot;],&quot;sticky_offset&quot;:40,&quot;sticky_effects_offset&quot;:0,&quot;sticky_anchor_link_offset&quot;:0}\">\n\t\t\t\t<div class=\"elementor-element elementor-element-3d55c49a elementor-align-left elementor-widget__width-initial elementor-widget elementor-widget-button\" data-id=\"3d55c49a\" data-element_type=\"widget\" data-e-type=\"widget\" data-widget_type=\"button.default\">\n\t\t\t\t<div class=\"elementor-widget-container\">\n\t\t\t\t\t\t\t\t\t<div class=\"elementor-button-wrapper\">\n\t\t\t\t\t<a class=\"elementor-button elementor-button-link elementor-size-sm\" href=\"https:\/\/www.manoir-saint-thomas.com\/eng\/tourisme-val-de-loire-tourisme\/les-chateaux-de-la-loire\/\">\n\t\t\t\t\t\t<span class=\"elementor-button-content-wrapper\">\n\t\t\t\t\t\t<span class=\"elementor-button-icon\">\n\t\t\t\t<i aria-hidden=\"true\" class=\"fas fa-chevron-left\"><\/i>\t\t\t<\/span>\n\t\t\t\t\t\t\t\t\t<span class=\"elementor-button-text\">Ch\u00e2teaux de la loire<\/span>\n\t\t\t\t\t<\/span>\n\t\t\t\t\t<\/a>\n\t\t\t\t<\/div>\n\t\t\t\t\t\t\t\t<\/div>\n\t\t\t\t<\/div>\n\t\t\t\t<div class=\"elementor-element elementor-element-bb82c0c elementor-align-right elementor-widget__width-initial elementor-widget elementor-widget-button\" data-id=\"bb82c0c\" data-element_type=\"widget\" data-e-type=\"widget\" data-widget_type=\"button.default\">\n\t\t\t\t<div class=\"elementor-widget-container\">\n\t\t\t\t\t\t\t\t\t<div class=\"elementor-button-wrapper\">\n\t\t\t\t\t<a class=\"elementor-button elementor-button-link elementor-size-sm\" href=\"https:\/\/www.manoir-saint-thomas.com\/eng\/tourisme-val-de-loire-tourisme\/le-terroir-tourisme-amboise\/\">\n\t\t\t\t\t\t<span class=\"elementor-button-content-wrapper\">\n\t\t\t\t\t\t<span class=\"elementor-button-icon\">\n\t\t\t\t<i aria-hidden=\"true\" class=\"fas fa-chevron-right\"><\/i>\t\t\t<\/span>\n\t\t\t\t\t\t\t\t\t<span class=\"elementor-button-text\">Le terroir<\/span>\n\t\t\t\t\t<\/span>\n\t\t\t\t\t<\/a>\n\t\t\t\t<\/div>\n\t\t\t\t\t\t\t\t<\/div>\n\t\t\t\t<\/div>\n\t\t\t\t<\/div>\n\t\t\t\t<\/div>\n\t\t","protected":false},"excerpt":{"rendered":"<p>Les Parcs &#038; Jardins Visiter Amboise et ses alentours On dit de la Touraine que c\u2019est \u00ab le Jardin de la France \u00bb, et notre h\u00f4tel vous ouvre de superbes horizons sur ce jardin, \u00e0 la fois historiques, culturels et romantiques. Au c\u0153ur du Val de Loire, de nombreux parcs et jardins offrent des parenth\u00e8ses [&hellip;]<\/p>\n","protected":false},"author":13,"featured_media":0,"parent":69,"menu_order":0,"comment_status":"closed","ping_status":"closed","template":"","meta":{"inline_featured_image":false,"footnotes":""},"class_list":["post-1640","page","type-page","status-publish","hentry"],"_links":{"self":[{"href":"https:\/\/www.manoir-saint-thomas.com\/eng\/wp-json\/wp\/v2\/pages\/1640","targetHints":{"allow":["GET"]}}],"collection":[{"href":"https:\/\/www.manoir-saint-thomas.com\/eng\/wp-json\/wp\/v2\/pages"}],"about":[{"href":"https:\/\/www.manoir-saint-thomas.com\/eng\/wp-json\/wp\/v2\/types\/page"}],"author":[{"embeddable":true,"href":"https:\/\/www.manoir-saint-thomas.com\/eng\/wp-json\/wp\/v2\/users\/13"}],"replies":[{"embeddable":true,"href":"https:\/\/www.manoir-saint-thomas.com\/eng\/wp-json\/wp\/v2\/comments?post=1640"}],"version-history":[{"count":37,"href":"https:\/\/www.manoir-saint-thomas.com\/eng\/wp-json\/wp\/v2\/pages\/1640\/revisions"}],"predecessor-version":[{"id":3081,"href":"https:\/\/www.manoir-saint-thomas.com\/eng\/wp-json\/wp\/v2\/pages\/1640\/revisions\/3081"}],"up":[{"embeddable":true,"href":"https:\/\/www.manoir-saint-thomas.com\/eng\/wp-json\/wp\/v2\/pages\/69"}],"wp:attachment":[{"href":"https:\/\/www.manoir-saint-thomas.com\/eng\/wp-json\/wp\/v2\/media?parent=1640"}],"curies":[{"name":"wp","href":"https:\/\/api.w.org\/{rel}","templated":true}]}}